{"id":19490,"date":"2024-03-21T12:59:47","date_gmt":"2024-03-21T11:59:47","guid":{"rendered":"https:\/\/paulmmueller.com\/?post_type=marktbericht-beitrag&#038;p=19490"},"modified":"2024-10-12T00:09:41","modified_gmt":"2024-10-11T22:09:41","slug":"geluisterd-naar-martina-schulke-hoe-gaat-het-met-je-pensioen","status":"publish","type":"marktbericht-beitrag","link":"https:\/\/paulmmueller.com\/nl\/marktbericht-beitrag\/nachgehoert-martina-schulke-wie-gehts-dir-im-ruhestand\/","title":{"rendered":"Luister: Martina Schulke, hoe gaat het met je pensioen?"},"content":{"rendered":"","protected":false},"author":9,"featured_media":0,"template":"","meta":{"_acf_changed":false},"categories":[91],"tags":[115],"class_list":["post-19490","marktbericht-beitrag","type-marktbericht-beitrag","status-publish","hentry","category-aufgegabelt","tag-24-03"],"acf":{"typ":"kolumne","anzeige_extern":"nein","titel_1":"Nachgeh\u00f6rt","titel_2":"Martina Schulke, wie geht\u2019s dir im Ruhestand?","sub-titel":"","zusammenfassung":"","langtext":"<p>Im M\u00e4rz 2023 haben wir Martina nach 11 Jahren im Ein- und Verkauf bei Paul M. M\u00fcller (und insgesamt 48 Berufsjahren) in den Ruhestand verabschiedet. Jetzt, genau ein Jahr sp\u00e4ter, haben wir mit ihr gesprochen.<\/p>\n<p><img fetchpriority=\"high\" decoding=\"async\" class=\"alignnone size-full wp-image-19493\" src=\"https:\/\/paulmmueller.com\/wp-content\/uploads\/2024\/03\/23019_pmm_fn2303_aufgegabelt_interview_Martina-Schulz.png\" alt=\"\" width=\"1080\" height=\"1080\" srcset=\"https:\/\/paulmmueller.com\/wp-content\/uploads\/2024\/03\/23019_pmm_fn2303_aufgegabelt_interview_Martina-Schulz.png 1080w, https:\/\/paulmmueller.com\/wp-content\/uploads\/2024\/03\/23019_pmm_fn2303_aufgegabelt_interview_Martina-Schulz-300x300.png 300w, https:\/\/paulmmueller.com\/wp-content\/uploads\/2024\/03\/23019_pmm_fn2303_aufgegabelt_interview_Martina-Schulz-1024x1024.png 1024w, https:\/\/paulmmueller.com\/wp-content\/uploads\/2024\/03\/23019_pmm_fn2303_aufgegabelt_interview_Martina-Schulz-150x150.png 150w, https:\/\/paulmmueller.com\/wp-content\/uploads\/2024\/03\/23019_pmm_fn2303_aufgegabelt_interview_Martina-Schulz-768x768.png 768w, https:\/\/paulmmueller.com\/wp-content\/uploads\/2024\/03\/23019_pmm_fn2303_aufgegabelt_interview_Martina-Schulz-12x12.png 12w, https:\/\/paulmmueller.com\/wp-content\/uploads\/2024\/03\/23019_pmm_fn2303_aufgegabelt_interview_Martina-Schulz-192x192.png 192w\" sizes=\"(max-width: 1080px) 100vw, 1080px\" \/><\/p>\n<p><strong>Martina, einige Kolleg:innen dachten, dass du in ein Loch fallen w\u00fcrdest, wenn du nicht mehr arbeitest. Hand aufs Herz: Hast du dieses Loch schon gefunden?<\/strong><\/p>\n<p>Nein, ganz im Gegenteil. Ich bin aktiv und genie\u00dfe meine Freiheiten in vollen Z\u00fcgen. Beispielsweise laufe oder jogge ich t\u00e4glich 8 bis 10 Kilometer \u2013 und zwar rigoros bei jedem Wetter. Oft kommen Freund:innen aus der Umgebung mit oder liebe Menschen, die mich \u00fcber einen l\u00e4ngeren Zeitraum besuchen. Nachdem ich im vergangenen Jahr die obere Etage in meinem Haus renoviert habe, hat sich mein Besuch teilweise die T\u00fcrklinke in die Hand gegeben. Au\u00dferdem verreise ich regelm\u00e4\u00dfig und sehe meine Kinder und Enkelkinder wieder \u00f6fter, die weiter weg wohnen. Das ist einfach toll.<\/p>\n<p><strong>Du spr\u00fchst voller Energie. Woher kommt die?<\/strong><\/p>\n<p>Ich mache ausschlie\u00dflich Dinge, die mir Spa\u00df machen und guttun. Das ist manchmal sehr viel, aber ich tue es ohne Druck und Stress \u2013 eben nur f\u00fcr mich. Nat\u00fcrlich gibt es bei mir auch entspannte Tage, wo ich lese oder Dokumentationen im Fernsehen schaue. Und: Ich sage inzwischen Termine auch ab, wenn mir etwas wirklich zu viel wird.<\/p>\n<p><strong>Worauf freust du dich in diesem Jahr?<\/strong><\/p>\n<p>Zuallererst auf den Fr\u00fchling, wenn es in meinem Garten wieder gr\u00fcnt und bl\u00fcht \u2013 herrlich! Au\u00dferdem habe ich als G\u00e4stef\u00fchrerin im Kloster Seeon angefangen. Als ich im Dorf angesprochen wurde, ob ich Lust dazu h\u00e4tte, musste ich nicht lange \u00fcberlegen: Ich liebe Geschichte und das Kloster sowieso! Als Vorbereitung habe ich mich nochmal tiefer in die Historie eingelesen, zum Beispiel auch in meinen \u00fcber 1.000 Geschichtsb\u00fcchern und Romanen der Weltliteratur. Mein Terminkalender ist schon jetzt bis in den Juli mit F\u00fchrungen gef\u00fcllt. Darauf freue ich mich wirklich sehr!<\/p>\n<p><strong>Das klingt toll. Viel Spa\u00df, liebe Martina \ud83d\ude0a <\/strong><\/p>\n","interview_komplett_lang":"","foto_credit":"","bild_1":false,"link":"","bild_2":false,"bilder_fur_slider":false},"yoast_head":"<!-- This site is optimized with the Yoast SEO plugin v27.0 - https:\/\/yoast.com\/product\/yoast-seo-wordpress\/ -->\n<title>Nachgeh\u00f6rt: Martina Schulke, wie geht\u2019s dir im Ruhestand? - Paul M. M\u00fcller<\/title>\n<meta name=\"robots\" content=\"index, follow, max-snippet:-1, max-image-preview:large, max-video-preview:-1\" \/>\n<link rel=\"canonical\" href=\"https:\/\/paulmmueller.com\/nl\/bijdrage-marktrapport\/geluisterd-naar-martina-schulke-hoe-gaat-het-met-je-pensioen\/\" \/>\n<meta property=\"og:locale\" content=\"nl_NL\" \/>\n<meta property=\"og:type\" content=\"article\" \/>\n<meta property=\"og:title\" content=\"Nachgeh\u00f6rt: Martina Schulke, wie geht\u2019s dir im Ruhestand? - Paul M. M\u00fcller\" \/>\n<meta property=\"og:url\" content=\"https:\/\/paulmmueller.com\/nl\/bijdrage-marktrapport\/geluisterd-naar-martina-schulke-hoe-gaat-het-met-je-pensioen\/\" \/>\n<meta property=\"og:site_name\" content=\"Paul M. M\u00fcller\" \/>\n<meta property=\"article:publisher\" content=\"https:\/\/www.facebook.com\/paulmmuellergmbh\/\" \/>\n<meta property=\"article:modified_time\" content=\"2024-10-11T22:09:41+00:00\" \/>\n<meta name=\"twitter:card\" content=\"summary_large_image\" \/>\n<meta name=\"twitter:site\" content=\"@PaulMMller1\" \/>\n<script type=\"application\/ld+json\" class=\"yoast-schema-graph\">{\"@context\":\"https:\/\/schema.org\",\"@graph\":[{\"@type\":\"NewsArticle\",\"@id\":\"https:\/\/paulmmueller.com\/marktbericht-beitrag\/nachgehoert-martina-schulke-wie-gehts-dir-im-ruhestand\/#article\",\"isPartOf\":{\"@id\":\"https:\/\/paulmmueller.com\/marktbericht-beitrag\/nachgehoert-martina-schulke-wie-gehts-dir-im-ruhestand\/\"},\"author\":{\"name\":\"wpfantomaster.pmmueller.lv\",\"@id\":\"https:\/\/paulmmueller.com\/en\/#\/schema\/person\/8b9c764665a5d37c0ed44947bebb87a0\"},\"headline\":\"Nachgeh\u00f6rt: Martina Schulke, wie geht\u2019s dir im Ruhestand?\",\"datePublished\":\"2024-03-21T11:59:47+00:00\",\"dateModified\":\"2024-10-11T22:09:41+00:00\",\"mainEntityOfPage\":{\"@id\":\"https:\/\/paulmmueller.com\/marktbericht-beitrag\/nachgehoert-martina-schulke-wie-gehts-dir-im-ruhestand\/\"},\"wordCount\":10,\"publisher\":{\"@id\":\"https:\/\/paulmmueller.com\/en\/#organization\"},\"keywords\":[\"24\/03\"],\"articleSection\":[\"Aufgegabelt\"],\"inLanguage\":\"nl-NL\"},{\"@type\":\"WebPage\",\"@id\":\"https:\/\/paulmmueller.com\/marktbericht-beitrag\/nachgehoert-martina-schulke-wie-gehts-dir-im-ruhestand\/\",\"url\":\"https:\/\/paulmmueller.com\/marktbericht-beitrag\/nachgehoert-martina-schulke-wie-gehts-dir-im-ruhestand\/\",\"name\":\"Nachgeh\u00f6rt: Martina Schulke, wie geht\u2019s dir im Ruhestand? - Paul M. M\u00fcller\",\"isPartOf\":{\"@id\":\"https:\/\/paulmmueller.com\/en\/#website\"},\"datePublished\":\"2024-03-21T11:59:47+00:00\",\"dateModified\":\"2024-10-11T22:09:41+00:00\",\"breadcrumb\":{\"@id\":\"https:\/\/paulmmueller.com\/marktbericht-beitrag\/nachgehoert-martina-schulke-wie-gehts-dir-im-ruhestand\/#breadcrumb\"},\"inLanguage\":\"nl-NL\",\"potentialAction\":[{\"@type\":\"ReadAction\",\"target\":[\"https:\/\/paulmmueller.com\/marktbericht-beitrag\/nachgehoert-martina-schulke-wie-gehts-dir-im-ruhestand\/\"]}]},{\"@type\":\"BreadcrumbList\",\"@id\":\"https:\/\/paulmmueller.com\/marktbericht-beitrag\/nachgehoert-martina-schulke-wie-gehts-dir-im-ruhestand\/#breadcrumb\",\"itemListElement\":[{\"@type\":\"ListItem\",\"position\":1,\"name\":\"Home\",\"item\":\"https:\/\/paulmmueller.com\/\"},{\"@type\":\"ListItem\",\"position\":2,\"name\":\"Nachgeh\u00f6rt: Martina Schulke, wie geht\u2019s dir im Ruhestand?\"}]},{\"@type\":\"WebSite\",\"@id\":\"https:\/\/paulmmueller.com\/en\/#website\",\"url\":\"https:\/\/paulmmueller.com\/en\/\",\"name\":\"Paul M. M\u00fcller\",\"description\":\"Die Food Marken Macher\",\"publisher\":{\"@id\":\"https:\/\/paulmmueller.com\/en\/#organization\"},\"potentialAction\":[{\"@type\":\"SearchAction\",\"target\":{\"@type\":\"EntryPoint\",\"urlTemplate\":\"https:\/\/paulmmueller.com\/en\/?s={search_term_string}\"},\"query-input\":{\"@type\":\"PropertyValueSpecification\",\"valueRequired\":true,\"valueName\":\"search_term_string\"}}],\"inLanguage\":\"nl-NL\"},{\"@type\":\"Organization\",\"@id\":\"https:\/\/paulmmueller.com\/en\/#organization\",\"name\":\"Paul M. M\u00fcller GmbH\",\"url\":\"https:\/\/paulmmueller.com\/en\/\",\"logo\":{\"@type\":\"ImageObject\",\"inLanguage\":\"nl-NL\",\"@id\":\"https:\/\/paulmmueller.com\/en\/#\/schema\/logo\/image\/\",\"url\":\"https:\/\/paulmmueller.com\/wp-content\/uploads\/2022\/08\/PaulMMueller_2021_EN.svg\",\"contentUrl\":\"https:\/\/paulmmueller.com\/wp-content\/uploads\/2022\/08\/PaulMMueller_2021_EN.svg\",\"width\":730,\"height\":137,\"caption\":\"Paul M. M\u00fcller GmbH\"},\"image\":{\"@id\":\"https:\/\/paulmmueller.com\/en\/#\/schema\/logo\/image\/\"},\"sameAs\":[\"https:\/\/www.facebook.com\/paulmmuellergmbh\/\",\"https:\/\/x.com\/PaulMMller1\",\"https:\/\/www.instagram.com\/paul_m._mueller_gmbh\/\",\"https:\/\/www.linkedin.com\/company\/17897510\/\",\"https:\/\/www.xing.com\/companies\/paulm.mllergmbh\"]},{\"@type\":\"Person\",\"@id\":\"https:\/\/paulmmueller.com\/en\/#\/schema\/person\/8b9c764665a5d37c0ed44947bebb87a0\",\"name\":\"wpfantomaster.pmmueller.lv\",\"image\":{\"@type\":\"ImageObject\",\"inLanguage\":\"nl-NL\",\"@id\":\"https:\/\/paulmmueller.com\/en\/#\/schema\/person\/image\/\",\"url\":\"https:\/\/secure.gravatar.com\/avatar\/7ffba84a69457fc864445ba62d58e21f80d0d57b57a1de5a04a5273ee159fcd3?s=96&d=mm&r=g\",\"contentUrl\":\"https:\/\/secure.gravatar.com\/avatar\/7ffba84a69457fc864445ba62d58e21f80d0d57b57a1de5a04a5273ee159fcd3?s=96&d=mm&r=g\",\"caption\":\"wpfantomaster.pmmueller.lv\"}}]}<\/script>\n<!-- \/ Yoast SEO plugin. -->","yoast_head_json":{"title":"Luister mee: Martina Schulke, hoe gaat het met je pensioen? - Paul M. M\u00fcller","robots":{"index":"index","follow":"follow","max-snippet":"max-snippet:-1","max-image-preview":"max-image-preview:large","max-video-preview":"max-video-preview:-1"},"canonical":"https:\/\/paulmmueller.com\/nl\/bijdrage-marktrapport\/geluisterd-naar-martina-schulke-hoe-gaat-het-met-je-pensioen\/","og_locale":"nl_NL","og_type":"article","og_title":"Nachgeh\u00f6rt: Martina Schulke, wie geht\u2019s dir im Ruhestand? - Paul M. M\u00fcller","og_url":"https:\/\/paulmmueller.com\/nl\/bijdrage-marktrapport\/geluisterd-naar-martina-schulke-hoe-gaat-het-met-je-pensioen\/","og_site_name":"Paul M. M\u00fcller","article_publisher":"https:\/\/www.facebook.com\/paulmmuellergmbh\/","article_modified_time":"2024-10-11T22:09:41+00:00","twitter_card":"summary_large_image","twitter_site":"@PaulMMller1","schema":{"@context":"https:\/\/schema.org","@graph":[{"@type":"NewsArticle","@id":"https:\/\/paulmmueller.com\/marktbericht-beitrag\/nachgehoert-martina-schulke-wie-gehts-dir-im-ruhestand\/#article","isPartOf":{"@id":"https:\/\/paulmmueller.com\/marktbericht-beitrag\/nachgehoert-martina-schulke-wie-gehts-dir-im-ruhestand\/"},"author":{"name":"wpfantomaster.pmmueller.lv","@id":"https:\/\/paulmmueller.com\/en\/#\/schema\/person\/8b9c764665a5d37c0ed44947bebb87a0"},"headline":"Nachgeh\u00f6rt: Martina Schulke, wie geht\u2019s dir im Ruhestand?","datePublished":"2024-03-21T11:59:47+00:00","dateModified":"2024-10-11T22:09:41+00:00","mainEntityOfPage":{"@id":"https:\/\/paulmmueller.com\/marktbericht-beitrag\/nachgehoert-martina-schulke-wie-gehts-dir-im-ruhestand\/"},"wordCount":10,"publisher":{"@id":"https:\/\/paulmmueller.com\/en\/#organization"},"keywords":["24\/03"],"articleSection":["Aufgegabelt"],"inLanguage":"nl-NL"},{"@type":"WebPage","@id":"https:\/\/paulmmueller.com\/marktbericht-beitrag\/nachgehoert-martina-schulke-wie-gehts-dir-im-ruhestand\/","url":"https:\/\/paulmmueller.com\/marktbericht-beitrag\/nachgehoert-martina-schulke-wie-gehts-dir-im-ruhestand\/","name":"Luister mee: Martina Schulke, hoe gaat het met je pensioen? - Paul M. M\u00fcller","isPartOf":{"@id":"https:\/\/paulmmueller.com\/en\/#website"},"datePublished":"2024-03-21T11:59:47+00:00","dateModified":"2024-10-11T22:09:41+00:00","breadcrumb":{"@id":"https:\/\/paulmmueller.com\/marktbericht-beitrag\/nachgehoert-martina-schulke-wie-gehts-dir-im-ruhestand\/#breadcrumb"},"inLanguage":"nl-NL","potentialAction":[{"@type":"ReadAction","target":["https:\/\/paulmmueller.com\/marktbericht-beitrag\/nachgehoert-martina-schulke-wie-gehts-dir-im-ruhestand\/"]}]},{"@type":"BreadcrumbList","@id":"https:\/\/paulmmueller.com\/marktbericht-beitrag\/nachgehoert-martina-schulke-wie-gehts-dir-im-ruhestand\/#breadcrumb","itemListElement":[{"@type":"ListItem","position":1,"name":"Home","item":"https:\/\/paulmmueller.com\/"},{"@type":"ListItem","position":2,"name":"Nachgeh\u00f6rt: Martina Schulke, wie geht\u2019s dir im Ruhestand?"}]},{"@type":"WebSite","@id":"https:\/\/paulmmueller.com\/en\/#website","url":"https:\/\/paulmmueller.com\/en\/","name":"Paul M. M\u00fcller","description":"De voedselmerkenmakers","publisher":{"@id":"https:\/\/paulmmueller.com\/en\/#organization"},"potentialAction":[{"@type":"SearchAction","target":{"@type":"EntryPoint","urlTemplate":"https:\/\/paulmmueller.com\/en\/?s={search_term_string}"},"query-input":{"@type":"PropertyValueSpecification","valueRequired":true,"valueName":"search_term_string"}}],"inLanguage":"nl-NL"},{"@type":"Organization","@id":"https:\/\/paulmmueller.com\/en\/#organization","name":"Paul M. M\u00fcller GmbH","url":"https:\/\/paulmmueller.com\/en\/","logo":{"@type":"ImageObject","inLanguage":"nl-NL","@id":"https:\/\/paulmmueller.com\/en\/#\/schema\/logo\/image\/","url":"https:\/\/paulmmueller.com\/wp-content\/uploads\/2022\/08\/PaulMMueller_2021_EN.svg","contentUrl":"https:\/\/paulmmueller.com\/wp-content\/uploads\/2022\/08\/PaulMMueller_2021_EN.svg","width":730,"height":137,"caption":"Paul M. M\u00fcller GmbH"},"image":{"@id":"https:\/\/paulmmueller.com\/en\/#\/schema\/logo\/image\/"},"sameAs":["https:\/\/www.facebook.com\/paulmmuellergmbh\/","https:\/\/x.com\/PaulMMller1","https:\/\/www.instagram.com\/paul_m._mueller_gmbh\/","https:\/\/www.linkedin.com\/company\/17897510\/","https:\/\/www.xing.com\/companies\/paulm.mllergmbh"]},{"@type":"Person","@id":"https:\/\/paulmmueller.com\/en\/#\/schema\/person\/8b9c764665a5d37c0ed44947bebb87a0","name":"wpfantomaster.pmmueller.lv","image":{"@type":"ImageObject","inLanguage":"nl-NL","@id":"https:\/\/paulmmueller.com\/en\/#\/schema\/person\/image\/","url":"https:\/\/secure.gravatar.com\/avatar\/7ffba84a69457fc864445ba62d58e21f80d0d57b57a1de5a04a5273ee159fcd3?s=96&d=mm&r=g","contentUrl":"https:\/\/secure.gravatar.com\/avatar\/7ffba84a69457fc864445ba62d58e21f80d0d57b57a1de5a04a5273ee159fcd3?s=96&d=mm&r=g","caption":"wpfantomaster.pmmueller.lv"}}]}},"_links":{"self":[{"href":"https:\/\/paulmmueller.com\/nl\/wp-json\/wp\/v2\/marktbericht-beitrag\/19490","targetHints":{"allow":["GET"]}}],"collection":[{"href":"https:\/\/paulmmueller.com\/nl\/wp-json\/wp\/v2\/marktbericht-beitrag"}],"about":[{"href":"https:\/\/paulmmueller.com\/nl\/wp-json\/wp\/v2\/types\/marktbericht-beitrag"}],"author":[{"embeddable":true,"href":"https:\/\/paulmmueller.com\/nl\/wp-json\/wp\/v2\/users\/9"}],"version-history":[{"count":4,"href":"https:\/\/paulmmueller.com\/nl\/wp-json\/wp\/v2\/marktbericht-beitrag\/19490\/revisions"}],"predecessor-version":[{"id":21179,"href":"https:\/\/paulmmueller.com\/nl\/wp-json\/wp\/v2\/marktbericht-beitrag\/19490\/revisions\/21179"}],"acf:term":[{"embeddable":true,"taxonomy":"post_tag","href":"https:\/\/paulmmueller.com\/nl\/wp-json\/wp\/v2\/tags\/115"}],"wp:attachment":[{"href":"https:\/\/paulmmueller.com\/nl\/wp-json\/wp\/v2\/media?parent=19490"}],"wp:term":[{"taxonomy":"category","embeddable":true,"href":"https:\/\/paulmmueller.com\/nl\/wp-json\/wp\/v2\/categories?post=19490"},{"taxonomy":"post_tag","embeddable":true,"href":"https:\/\/paulmmueller.com\/nl\/wp-json\/wp\/v2\/tags?post=19490"}],"curies":[{"name":"wp","href":"https:\/\/api.w.org\/{rel}","templated":true}]}}