{"id":18774,"date":"2023-11-18T16:45:22","date_gmt":"2023-11-18T15:45:22","guid":{"rendered":"https:\/\/paulmmueller.com\/?post_type=marktbericht-beitrag&#038;p=18774"},"modified":"2023-11-23T11:09:52","modified_gmt":"2023-11-23T10:09:52","slug":"value-added-tax-back-to-19-percent-2","status":"publish","type":"marktbericht-beitrag","link":"https:\/\/paulmmueller.com\/en\/marktbericht-beitrag\/mehrwertsteuer-wieder-auf-19-prozent\/","title":{"rendered":"Value added tax back to 19 percent"},"content":{"rendered":"","protected":false},"author":8,"featured_media":0,"template":"","meta":{"_acf_changed":false},"categories":[81],"tags":[96],"class_list":["post-18774","marktbericht-beitrag","type-marktbericht-beitrag","status-publish","hentry","category-ausblick","tag-11-23"],"acf":{"typ":"kolumne","anzeige_extern":"ja","titel_1":"Mehrwertsteuer ","titel_2":"wieder auf 19 Prozent","sub-titel":"","zusammenfassung":"","langtext":"<p><img fetchpriority=\"high\" decoding=\"async\" src=\"https:\/\/paulmmueller.com\/wp-content\/uploads\/2023\/11\/Erhoehung-MwSt-1123.png\" alt=\"\" width=\"1080\" height=\"1080\" class=\"alignnone size-full wp-image-18756\" srcset=\"https:\/\/paulmmueller.com\/wp-content\/uploads\/2023\/11\/Erhoehung-MwSt-1123.png 1080w, https:\/\/paulmmueller.com\/wp-content\/uploads\/2023\/11\/Erhoehung-MwSt-1123-300x300.png 300w, https:\/\/paulmmueller.com\/wp-content\/uploads\/2023\/11\/Erhoehung-MwSt-1123-1024x1024.png 1024w, https:\/\/paulmmueller.com\/wp-content\/uploads\/2023\/11\/Erhoehung-MwSt-1123-150x150.png 150w, https:\/\/paulmmueller.com\/wp-content\/uploads\/2023\/11\/Erhoehung-MwSt-1123-768x768.png 768w, https:\/\/paulmmueller.com\/wp-content\/uploads\/2023\/11\/Erhoehung-MwSt-1123-12x12.png 12w, https:\/\/paulmmueller.com\/wp-content\/uploads\/2023\/11\/Erhoehung-MwSt-1123-192x192.png 192w\" sizes=\"(max-width: 1080px) 100vw, 1080px\" \/><\/p>\n<p>Schlechte Nachrichten f\u00fcr die Food-Branche. Die Bundesregierung hat \u2013 trotz zuvor erfolgreich unterzeichneter Petition des Dehoga \u2013 nun beschlossen, die Mehrwertsteuer auf Speisen wieder auf 19 Prozent anzuheben.<\/p>\n<p>W\u00e4hrend der Corona-Krise war sie auf 7 Prozent gesenkt worden. \u201eDiese Steuererh\u00f6hung auf Speisen ist ein fataler Irrweg, es wird in der Gastronomie zu Betriebsschlie\u00dfungen, steigenden Preisen, sinkenden Ums\u00e4tzen und einem enormen Verlust an Arbeitspl\u00e4tzen und Lebensqualit\u00e4t f\u00fchren, gerade auch in l\u00e4ndlichen Regionen\u201c, erkl\u00e4rt Angela Inselkammer, Pr\u00e4sidentin des Bayerischen Hotel- und Gastst\u00e4ttenverbandes <a href=\"https:\/\/www.dehoga-bayern.de\/\">DEHOGA Bayern<\/a>: \u201eEine solche Entscheidung richtet sich gegen hunderttausende familiengef\u00fchrte klein- und mittelst\u00e4ndische Unternehmen, gegen Millionen Mitarbeiterinnen und Mitarbeiter sowie gegen Abermillionen G\u00e4ste.\u201c<\/p>\n<p>DEHOGA Bayern Landesgesch\u00e4ftsf\u00fchrer Dr. Thomas Geppert erg\u00e4nzt: \u201eDie Haushaltssituation nach dem Urteil des Bundesverfassungsgerichtsurteil ist sicherlich schwierig. Wir alle sind an den Grenzen unserer M\u00f6glichkeiten. Deshalb br\u00e4uchten wir dringend Steuergerechtigkeit und Entlastung. Das Gastgewerbe ist keine Kuh, die man endlos melken kann.\"<\/p>\n<p>Der DEHOGA Bundesverband hatte eine Petition gestartet, um f\u00fcr die 7 Prozent Mehrwertsteuer zu k\u00e4mpfen. <a href=\"https:\/\/www.openpetition.de\/petition\/online\/keine-steuererhoehung-7-mehrwertsteuer-auf-speisen-in-der-gastronomie-muessen-bleiben\">Das Mindestziel f\u00fcr die Einreichung einer Petition war erreicht worden<\/a>. Und dennoch: Alle Bem\u00fchungen und alle Gespr\u00e4che waren vergebens, die \u201ealte\u201c Mehrwertsteuer kommt zur\u00fcck.<\/p>\n","interview_komplett_lang":"","foto_credit":"","bild_1":false,"link":"","bild_2":false,"bilder_fur_slider":false},"yoast_head":"<!-- This site is optimized with the Yoast SEO plugin v27.0 - https:\/\/yoast.com\/product\/yoast-seo-wordpress\/ -->\n<title>Mehrwertsteuer wieder auf 19 Prozent - Paul M. M\u00fcller<\/title>\n<meta name=\"robots\" content=\"index, follow, max-snippet:-1, max-image-preview:large, max-video-preview:-1\" \/>\n<link rel=\"canonical\" href=\"https:\/\/paulmmueller.com\/en\/market-report-contribution\/value-added-tax-back-to-19-percent-2\/\" \/>\n<meta property=\"og:locale\" content=\"en_US\" \/>\n<meta property=\"og:type\" content=\"article\" \/>\n<meta property=\"og:title\" content=\"Mehrwertsteuer wieder auf 19 Prozent - Paul M. M\u00fcller\" \/>\n<meta property=\"og:url\" content=\"https:\/\/paulmmueller.com\/en\/market-report-contribution\/value-added-tax-back-to-19-percent-2\/\" \/>\n<meta property=\"og:site_name\" content=\"Paul M. M\u00fcller\" \/>\n<meta property=\"article:publisher\" content=\"https:\/\/www.facebook.com\/paulmmuellergmbh\/\" \/>\n<meta property=\"article:modified_time\" content=\"2023-11-23T10:09:52+00:00\" \/>\n<meta name=\"twitter:card\" content=\"summary_large_image\" \/>\n<meta name=\"twitter:site\" content=\"@PaulMMller1\" \/>\n<script type=\"application\/ld+json\" class=\"yoast-schema-graph\">{\"@context\":\"https:\/\/schema.org\",\"@graph\":[{\"@type\":\"NewsArticle\",\"@id\":\"https:\/\/paulmmueller.com\/marktbericht-beitrag\/mehrwertsteuer-wieder-auf-19-prozent\/#article\",\"isPartOf\":{\"@id\":\"https:\/\/paulmmueller.com\/marktbericht-beitrag\/mehrwertsteuer-wieder-auf-19-prozent\/\"},\"author\":{\"name\":\"Thomas Schneidawind\",\"@id\":\"https:\/\/paulmmueller.com\/en\/#\/schema\/person\/c51c554bdbaf298ac767e81544e981c2\"},\"headline\":\"Mehrwertsteuer wieder auf 19 Prozent\",\"datePublished\":\"2023-11-18T15:45:22+00:00\",\"dateModified\":\"2023-11-23T10:09:52+00:00\",\"mainEntityOfPage\":{\"@id\":\"https:\/\/paulmmueller.com\/marktbericht-beitrag\/mehrwertsteuer-wieder-auf-19-prozent\/\"},\"wordCount\":4,\"publisher\":{\"@id\":\"https:\/\/paulmmueller.com\/en\/#organization\"},\"keywords\":[\"11\/23\"],\"articleSection\":[\"Ausblick\"],\"inLanguage\":\"en-US\"},{\"@type\":\"WebPage\",\"@id\":\"https:\/\/paulmmueller.com\/marktbericht-beitrag\/mehrwertsteuer-wieder-auf-19-prozent\/\",\"url\":\"https:\/\/paulmmueller.com\/marktbericht-beitrag\/mehrwertsteuer-wieder-auf-19-prozent\/\",\"name\":\"Mehrwertsteuer wieder auf 19 Prozent - Paul M. M\u00fcller\",\"isPartOf\":{\"@id\":\"https:\/\/paulmmueller.com\/en\/#website\"},\"datePublished\":\"2023-11-18T15:45:22+00:00\",\"dateModified\":\"2023-11-23T10:09:52+00:00\",\"breadcrumb\":{\"@id\":\"https:\/\/paulmmueller.com\/marktbericht-beitrag\/mehrwertsteuer-wieder-auf-19-prozent\/#breadcrumb\"},\"inLanguage\":\"en-US\",\"potentialAction\":[{\"@type\":\"ReadAction\",\"target\":[\"https:\/\/paulmmueller.com\/marktbericht-beitrag\/mehrwertsteuer-wieder-auf-19-prozent\/\"]}]},{\"@type\":\"BreadcrumbList\",\"@id\":\"https:\/\/paulmmueller.com\/marktbericht-beitrag\/mehrwertsteuer-wieder-auf-19-prozent\/#breadcrumb\",\"itemListElement\":[{\"@type\":\"ListItem\",\"position\":1,\"name\":\"Home\",\"item\":\"https:\/\/paulmmueller.com\/\"},{\"@type\":\"ListItem\",\"position\":2,\"name\":\"Mehrwertsteuer wieder auf 19 Prozent\"}]},{\"@type\":\"WebSite\",\"@id\":\"https:\/\/paulmmueller.com\/en\/#website\",\"url\":\"https:\/\/paulmmueller.com\/en\/\",\"name\":\"Paul M. M\u00fcller\",\"description\":\"Die Food Marken Macher\",\"publisher\":{\"@id\":\"https:\/\/paulmmueller.com\/en\/#organization\"},\"potentialAction\":[{\"@type\":\"SearchAction\",\"target\":{\"@type\":\"EntryPoint\",\"urlTemplate\":\"https:\/\/paulmmueller.com\/en\/?s={search_term_string}\"},\"query-input\":{\"@type\":\"PropertyValueSpecification\",\"valueRequired\":true,\"valueName\":\"search_term_string\"}}],\"inLanguage\":\"en-US\"},{\"@type\":\"Organization\",\"@id\":\"https:\/\/paulmmueller.com\/en\/#organization\",\"name\":\"Paul M. M\u00fcller GmbH\",\"url\":\"https:\/\/paulmmueller.com\/en\/\",\"logo\":{\"@type\":\"ImageObject\",\"inLanguage\":\"en-US\",\"@id\":\"https:\/\/paulmmueller.com\/en\/#\/schema\/logo\/image\/\",\"url\":\"https:\/\/paulmmueller.com\/wp-content\/uploads\/2022\/08\/PaulMMueller_2021_EN.svg\",\"contentUrl\":\"https:\/\/paulmmueller.com\/wp-content\/uploads\/2022\/08\/PaulMMueller_2021_EN.svg\",\"width\":730,\"height\":137,\"caption\":\"Paul M. M\u00fcller GmbH\"},\"image\":{\"@id\":\"https:\/\/paulmmueller.com\/en\/#\/schema\/logo\/image\/\"},\"sameAs\":[\"https:\/\/www.facebook.com\/paulmmuellergmbh\/\",\"https:\/\/x.com\/PaulMMller1\",\"https:\/\/www.instagram.com\/paul_m._mueller_gmbh\/\",\"https:\/\/www.linkedin.com\/company\/17897510\/\",\"https:\/\/www.xing.com\/companies\/paulm.mllergmbh\"]},{\"@type\":\"Person\",\"@id\":\"https:\/\/paulmmueller.com\/en\/#\/schema\/person\/c51c554bdbaf298ac767e81544e981c2\",\"name\":\"Thomas Schneidawind\",\"image\":{\"@type\":\"ImageObject\",\"inLanguage\":\"en-US\",\"@id\":\"https:\/\/paulmmueller.com\/en\/#\/schema\/person\/image\/\",\"url\":\"https:\/\/paulmmueller.com\/wp-content\/uploads\/2021\/11\/Bild-17-96x96.png\",\"contentUrl\":\"https:\/\/paulmmueller.com\/wp-content\/uploads\/2021\/11\/Bild-17-96x96.png\",\"caption\":\"Thomas Schneidawind\"},\"description\":\"Gesch\u00e4ftsf\u00fchrer, Ansprechpartner f\u00fcr Bohnen, Kapern, Paprika, Peperoni und Tomatenprodukte\"}]}<\/script>\n<!-- \/ Yoast SEO plugin. -->","yoast_head_json":{"title":"Value added tax back to 19 percent - Paul M. M\u00fcller","robots":{"index":"index","follow":"follow","max-snippet":"max-snippet:-1","max-image-preview":"max-image-preview:large","max-video-preview":"max-video-preview:-1"},"canonical":"https:\/\/paulmmueller.com\/en\/market-report-contribution\/value-added-tax-back-to-19-percent-2\/","og_locale":"en_US","og_type":"article","og_title":"Mehrwertsteuer wieder auf 19 Prozent - Paul M. M\u00fcller","og_url":"https:\/\/paulmmueller.com\/en\/market-report-contribution\/value-added-tax-back-to-19-percent-2\/","og_site_name":"Paul M. M\u00fcller","article_publisher":"https:\/\/www.facebook.com\/paulmmuellergmbh\/","article_modified_time":"2023-11-23T10:09:52+00:00","twitter_card":"summary_large_image","twitter_site":"@PaulMMller1","schema":{"@context":"https:\/\/schema.org","@graph":[{"@type":"NewsArticle","@id":"https:\/\/paulmmueller.com\/marktbericht-beitrag\/mehrwertsteuer-wieder-auf-19-prozent\/#article","isPartOf":{"@id":"https:\/\/paulmmueller.com\/marktbericht-beitrag\/mehrwertsteuer-wieder-auf-19-prozent\/"},"author":{"name":"Thomas Schneidawind","@id":"https:\/\/paulmmueller.com\/en\/#\/schema\/person\/c51c554bdbaf298ac767e81544e981c2"},"headline":"Mehrwertsteuer wieder auf 19 Prozent","datePublished":"2023-11-18T15:45:22+00:00","dateModified":"2023-11-23T10:09:52+00:00","mainEntityOfPage":{"@id":"https:\/\/paulmmueller.com\/marktbericht-beitrag\/mehrwertsteuer-wieder-auf-19-prozent\/"},"wordCount":4,"publisher":{"@id":"https:\/\/paulmmueller.com\/en\/#organization"},"keywords":["11\/23"],"articleSection":["Ausblick"],"inLanguage":"en-US"},{"@type":"WebPage","@id":"https:\/\/paulmmueller.com\/marktbericht-beitrag\/mehrwertsteuer-wieder-auf-19-prozent\/","url":"https:\/\/paulmmueller.com\/marktbericht-beitrag\/mehrwertsteuer-wieder-auf-19-prozent\/","name":"Value added tax back to 19 percent - Paul M. M\u00fcller","isPartOf":{"@id":"https:\/\/paulmmueller.com\/en\/#website"},"datePublished":"2023-11-18T15:45:22+00:00","dateModified":"2023-11-23T10:09:52+00:00","breadcrumb":{"@id":"https:\/\/paulmmueller.com\/marktbericht-beitrag\/mehrwertsteuer-wieder-auf-19-prozent\/#breadcrumb"},"inLanguage":"en-US","potentialAction":[{"@type":"ReadAction","target":["https:\/\/paulmmueller.com\/marktbericht-beitrag\/mehrwertsteuer-wieder-auf-19-prozent\/"]}]},{"@type":"BreadcrumbList","@id":"https:\/\/paulmmueller.com\/marktbericht-beitrag\/mehrwertsteuer-wieder-auf-19-prozent\/#breadcrumb","itemListElement":[{"@type":"ListItem","position":1,"name":"Home","item":"https:\/\/paulmmueller.com\/"},{"@type":"ListItem","position":2,"name":"Mehrwertsteuer wieder auf 19 Prozent"}]},{"@type":"WebSite","@id":"https:\/\/paulmmueller.com\/en\/#website","url":"https:\/\/paulmmueller.com\/en\/","name":"Paul M. M\u00fcller","description":"The Food Brands Makers","publisher":{"@id":"https:\/\/paulmmueller.com\/en\/#organization"},"potentialAction":[{"@type":"SearchAction","target":{"@type":"EntryPoint","urlTemplate":"https:\/\/paulmmueller.com\/en\/?s={search_term_string}"},"query-input":{"@type":"PropertyValueSpecification","valueRequired":true,"valueName":"search_term_string"}}],"inLanguage":"en-US"},{"@type":"Organization","@id":"https:\/\/paulmmueller.com\/en\/#organization","name":"Paul M. M\u00fcller GmbH","url":"https:\/\/paulmmueller.com\/en\/","logo":{"@type":"ImageObject","inLanguage":"en-US","@id":"https:\/\/paulmmueller.com\/en\/#\/schema\/logo\/image\/","url":"https:\/\/paulmmueller.com\/wp-content\/uploads\/2022\/08\/PaulMMueller_2021_EN.svg","contentUrl":"https:\/\/paulmmueller.com\/wp-content\/uploads\/2022\/08\/PaulMMueller_2021_EN.svg","width":730,"height":137,"caption":"Paul M. M\u00fcller GmbH"},"image":{"@id":"https:\/\/paulmmueller.com\/en\/#\/schema\/logo\/image\/"},"sameAs":["https:\/\/www.facebook.com\/paulmmuellergmbh\/","https:\/\/x.com\/PaulMMller1","https:\/\/www.instagram.com\/paul_m._mueller_gmbh\/","https:\/\/www.linkedin.com\/company\/17897510\/","https:\/\/www.xing.com\/companies\/paulm.mllergmbh"]},{"@type":"Person","@id":"https:\/\/paulmmueller.com\/en\/#\/schema\/person\/c51c554bdbaf298ac767e81544e981c2","name":"Thomas Schneidawind","image":{"@type":"ImageObject","inLanguage":"en-US","@id":"https:\/\/paulmmueller.com\/en\/#\/schema\/person\/image\/","url":"https:\/\/paulmmueller.com\/wp-content\/uploads\/2021\/11\/Bild-17-96x96.png","contentUrl":"https:\/\/paulmmueller.com\/wp-content\/uploads\/2021\/11\/Bild-17-96x96.png","caption":"Thomas Schneidawind"},"description":"Managing director, contact person for beans, capers, peppers, hot peppers and tomato products."}]}},"_links":{"self":[{"href":"https:\/\/paulmmueller.com\/en\/wp-json\/wp\/v2\/marktbericht-beitrag\/18774","targetHints":{"allow":["GET"]}}],"collection":[{"href":"https:\/\/paulmmueller.com\/en\/wp-json\/wp\/v2\/marktbericht-beitrag"}],"about":[{"href":"https:\/\/paulmmueller.com\/en\/wp-json\/wp\/v2\/types\/marktbericht-beitrag"}],"author":[{"embeddable":true,"href":"https:\/\/paulmmueller.com\/en\/wp-json\/wp\/v2\/users\/8"}],"version-history":[{"count":7,"href":"https:\/\/paulmmueller.com\/en\/wp-json\/wp\/v2\/marktbericht-beitrag\/18774\/revisions"}],"predecessor-version":[{"id":18894,"href":"https:\/\/paulmmueller.com\/en\/wp-json\/wp\/v2\/marktbericht-beitrag\/18774\/revisions\/18894"}],"acf:term":[{"embeddable":true,"taxonomy":"post_tag","href":"https:\/\/paulmmueller.com\/en\/wp-json\/wp\/v2\/tags\/96"}],"wp:attachment":[{"href":"https:\/\/paulmmueller.com\/en\/wp-json\/wp\/v2\/media?parent=18774"}],"wp:term":[{"taxonomy":"category","embeddable":true,"href":"https:\/\/paulmmueller.com\/en\/wp-json\/wp\/v2\/categories?post=18774"},{"taxonomy":"post_tag","embeddable":true,"href":"https:\/\/paulmmueller.com\/en\/wp-json\/wp\/v2\/tags?post=18774"}],"curies":[{"name":"wp","href":"https:\/\/api.w.org\/{rel}","templated":true}]}}